{"id":1027,"date":"2024-05-12T10:35:46","date_gmt":"2024-05-12T10:35:46","guid":{"rendered":"https:\/\/chiao-ai.ch\/?page_id=1027"},"modified":"2024-05-12T10:44:04","modified_gmt":"2024-05-12T10:44:04","slug":"datenschutzerklaerung-%e8%b3%87%e6%96%99%e4%bf%9d%e8%ad%b7","status":"publish","type":"page","link":"https:\/\/chiao-ai.ch\/tw\/datenschutzerklaerung-%e8%b3%87%e6%96%99%e4%bf%9d%e8%ad%b7\/","title":{"rendered":"Datenschutzerkl\u00e4rung \/ \u8cc7\u6599\u4fdd\u8b77"},"content":{"rendered":"\n<p>Mit dieser&nbsp;Datenschutzerkl\u00e4rung&nbsp;informieren wir, welche Personendaten wir im Zusammenhang mit unseren&nbsp;Aktivit\u00e4ten und T\u00e4tigkeiten&nbsp;einschliesslich unserer Website <a href=\"https:\/\/chiao-ai.ch\/\">https:\/\/chiao-ai.ch\/<\/a> bearbeiten. Sie erl\u00e4utert, welche Daten wir erheben und f\u00fcr welchen Zweck wir sie nutzen.<\/p>\n\n\n\n<h2 class=\"wp-block-heading\">Kontakt<\/h2>\n\n\n\n<p>Vereinspr\u00e4sidentin: Hsu Schmitz, Shu-Fang<br>E-Mail: <a href=\"mailto:chiao-ai.chor@gmx.ch\">chiao-ai.chor@gmx.ch<\/a><\/p>\n\n\n\n<p>In den nachfolgenden Hinweisen m\u00f6chten wir als Verantwortliche im Sinne des Datenschutz\u00adrechts Ihnen einen \u00dcberblick \u00fcber die Nutzung Ihrer personenbezogenen Daten und \u00fcber Ihre Rechte als betroffene Person im Rahmen der Nutzung unserer Website geben.<\/p>\n\n\n\n<p>Das Datenschutzgesetz definiert den rechtlichen Rahmen in dem sich Vereine mit hunderten von Mitgliedern bewegen m\u00fcssen. Es ist dementsprechend komplex gestaltet. Der folgende Text enth\u00e4lt nur einen kleinen Auszug betreffend derjenigen Paragraphen, die auch f\u00fcr einen kleinen Chor wie Chiao-Ai relevant sein k\u00f6nnen.&nbsp;<\/p>\n\n\n\n<h2 class=\"wp-block-heading\">Umfang und Nutzung der erhobenen Personendaten<\/h2>\n\n\n\n<p>Damit die Website im Webbrowser eines Betrachters angezeigt werden kann, wird die IP-Adresse des Betrachters und Informationen zum verwendeten Browser, etc. solange gespeichert, bis der Betrachter die Verbindung unterbricht.<\/p>\n\n\n\n<p>Diese Website verwendet 2 Cookies, damit sie in den Sprachen Deutsch und Chinesisch angezeigt werden kann.<\/p>\n\n\n\n<p>Weitere Daten werden von unserer Website weder gesammelt noch verwendet.<\/p>\n\n\n\n<h2 class=\"wp-block-heading\">Detailliertere juristische Informationen zum Datenschutz<\/h2>\n\n\n\n<h3 class=\"wp-block-heading\">1.&nbsp;&nbsp;&nbsp; Ausgangslage<\/h3>\n\n\n\n<p>Die Datenschutzvorschriften \u2013 insbesondere das per 01. September 2023 revidierte <a href=\"https:\/\/www.fedlex.admin.ch\/eli\/cc\/2022\/491\/de\">Datenschutzgesetz<\/a> (DSG) und die <a href=\"https:\/\/www.fedlex.admin.ch\/eli\/cc\/2022\/568\/de\">Datenschutzverordnung<\/a> (DSV) &#8211; verlangen, dass auch kleine Vereine ihren Umgang mit Personendaten schriftlich festhalten. Dies betrifft Personendaten der Mitglieder als auch von Dritten, die beispielsweise \u00fcber die Website mit dem Chor in Kontakt treten.<\/p>\n\n\n\n<p>Weitere Information findet sich in der EU-Datenschutz-Grundverordnung (<a href=\"https:\/\/dsgvo-gesetz.de\/\">DSGVO<\/a>).<\/p>\n\n\n\n<h3 class=\"wp-block-heading\">2.&nbsp;&nbsp;&nbsp; Begriffe<\/h3>\n\n\n\n<p>Das Datenschutzgesetz DSG definiert in Art.5 die folgenden Begriffe.<\/p>\n\n\n\n<p><em>a.<strong> Personendaten<\/strong>: &#8220;alle Angaben, die sich auf eine bestimmte oder bestimmbare nat\u00fcrliche Person beziehen;&#8221;<\/em> (Die von uns gesammelten Wohn-Adressen, Telefonnummern und E-Mail-Adressen der Vereinsmitglieder fallen darunter)<\/p>\n\n\n\n<p>b. <strong><em>betroffene Person:<\/em><\/strong><em> &#8220;nat\u00fcrliche Person, \u00fcber die Personendaten bearbeitet werden;&#8221; <\/em>(insbesondere also unsere Mitglieder)<\/p>\n\n\n\n<p>c. <strong><em>besonders sch\u00fctzenswerte Personendaten: &#8220;<\/em><\/strong>\u2026&#8221; &nbsp;(werden von uns \u00fcber unsere Mitglieder keine erhoben. Ausnahme: Von Geldempf\u00e4ngern (Dirigenten, Pianisten,\u2026) speichern wir Daten (AHV-Nummern, Kontonummern,\u2026), soweit sie zur Erf\u00fcllung unserer Vertragsverpflichtungen notwendig sind.)<\/p>\n\n\n\n<p>d. <strong><em>Bearbeiten:<\/em><\/strong><em> &#8220;jeder Umgang mit Personendaten, unabh\u00e4ngig von den angewandten Mitteln und Verfahren, insbesondere das Beschaffen, Speichern, Aufbewahren, Verwenden, Ver\u00e4ndern, Bekanntgeben, Archivieren, L\u00f6schen oder Vernichten von Daten; &#8220;<\/em> (Dieser Begriff ist viel weiter als umgangssprachlich zu vermuten w\u00e4re: Auch blosses Erfassen einer Telefonnummer oder Verwenden der Nummer f\u00fcr eine WhatsApp-Nachricht oder ihr L\u00f6schen gilt als &#8220;Bearbeitung&#8221;)<\/p>\n\n\n\n<p>e. <strong><em>Bekanntgeben<\/em><\/strong><em>: &#8220;das \u00dcbermitteln oder Zug\u00e4nglichmachen von Personendaten;&#8221; <\/em>(In speziellen F\u00e4llen m\u00fcssen wir einzelne Angaben zu einzelnen Mitgliedern auch an Dritte weiterleiten, z.B. zur m\u00fcndlichen Beantwortung der Frage: Wie kann ich die Pr\u00e4sidentin erreichen?&#8221;)<\/p>\n\n\n\n<p>f. <strong><em>Profiling:<\/em><\/strong><em> &#8221; \u2026 &#8221; <\/em>(bei der geringen Anzahl unserer Mitglieder kann selbst mit einer vollst\u00e4ndigen Liste kein sinnvolles Profiling gemacht werden)<\/p>\n\n\n\n<p>g. <strong><em>Profiling mit hohem Risiko<\/em><\/strong><em>: &#8221; \u2026 &#8221; <\/em>(cf. Punkte c und f)<\/p>\n\n\n\n<p>h. <strong><em>Verletzung der Datensicherheit<\/em><\/strong><em>:&#8221; \u2026 &#8221; <\/em>(nicht relevant, da wir nur Personendaten erfassen, die auch anderswo erh\u00e4ltlich sind)&nbsp;<\/p>\n\n\n\n<p>i. <strong><em>Bundesorgan:<\/em><\/strong><em>&#8221; \u2026 &#8221; &nbsp;<\/em><\/p>\n\n\n\n<p>j. <strong><em>Verantwortlicher<\/em><\/strong><em>: &#8220;private Person \u2026, die \u2026 &nbsp;allein oder zusammen mit anderen \u00fcber den Zweck und die Mittel der Bearbeitung entscheidet&#8221; <\/em>(Das umfasst alle Mitglieder, welche die die Mitgliederliste zur Kontaktaufnahme mit den anderen Chormitgliedern ben\u00fctzen&#8221;)<\/p>\n\n\n\n<p>k. <strong><em>Auftragsbearbeiter<\/em><\/strong><em>: &#8220;private Person \u2026, die \u2026 im Auftrag des Verantwortlichen Personendaten bearbeitet.&#8221; <\/em>(Das umfasst insbesondere den Vereins\u00advorstand, der die Mitglieder z.B. \u00fcber bevorstehende Ereignisse informiert, die Mitglieder\u00adbeitrags\u00adzahlungen \u00fcberwacht, etc. und dazu die Namen braucht, d.h. &#8220;bearbeitet&#8221;)<\/p>\n\n\n\n<h3 class=\"wp-block-heading\">3.&nbsp;&nbsp;&nbsp; Art, Umfang und Zweck der von uns erfassten Personendaten<\/h3>\n\n\n\n<p>Wir sammeln und speichern nur jene Personendaten, die erforderlich sind, um unsere Aktivit\u00e4ten aus\u00fcben zu k\u00f6nnen:<\/p>\n\n\n\n<ul>\n<li>Jede Website sammelt und speichert kurzfristig die IP-Adresse eines Betrachters, sowie Browserdaten, etc. um \u00fcberhaupt mit dem Betrachter kommunizieren zu k\u00f6nnen. Diese Daten werden nach Trennung von unserer Website <a href=\"https:\/\/chiao-ai.ch\/\">https:\/\/chiao-ai.ch\/<\/a> wieder gel\u00f6scht.<\/li>\n\n\n\n<li>Da es sich bei unserer Website um eine mehrsprachige Website handelt, m\u00fcssen wir zwei Cookies verwenden.<\/li>\n\n\n\n<li>Von all unseren Mitgliedern sammeln wir Namen, Wohnadresse, Telefonnummern, e-Mailadresse und eine Foto, um ein Mitgliederverzeichnis zu erstellen, das an alle Mitglieder abgegeben wird. Die Kontaktdaten verwenden wir nur f\u00fcr chorinterne Zwecke, z.B. um die Mitglieder \u00fcber zuk\u00fcnftige Ereignisse zu informieren, die Bezahlung der Mitgliederbeitr\u00e4ge zu \u00fcberwachen, etc.<\/li>\n\n\n\n<li>Es werden von den Mitgliedern keine besonders sch\u00fctzenswerte Personendaten gem\u00e4\u00df DSG Art. 5, Abs c erhoben. Eine Ausnahme bilden Personendaten von Geldempf\u00e4nger (Dirigenten, Pianisten, \u2026 ) soweit wir diese Daten (AHV-Nummern, Kontonummern, \u2026 ) zur Erf\u00fcllung unserer vertraglichen Verpflichtungen ben\u00f6tigen.<\/li>\n\n\n\n<li>Mitgliederdaten werden ferner an den Berner Kantonalgesangverband (BKGV) weitergegeben, z.B. Kontakt-Information der Vorstandmitgliedern, Namen der Mitglieder f\u00fcr die Veteran-Anmeldung, usw. Fotos f\u00fcr BKGV-NEWS.<\/li>\n\n\n\n<li>In Einzelf\u00e4llen ist es notwendig einzelne Informationen zu einzelnen Mitgliedern an Dritte abzugeben, z.B. Kontaktdaten an Lieferanten von Druckerzeugnissen, Essen, etc. oder finanzielle Informationen von Dirigenten an Beh\u00f6rden (Steueramt, AHV,\u2026) oder Berichte mit Fotos \u00fcber unsere Aktivit\u00e4ten an Sponsoren.<\/li>\n\n\n\n<li>Von den meisten Auff\u00fchrungen werden Erinnerungsfotos gemacht, die dann auf der Website des Chores <a href=\"https:\/\/chiao-ai.ch\/\">https:\/\/chiao-ai.ch\/<\/a> &nbsp;verwendet werden. Das sich Hinstellen zur Gruppe wird als Einverst\u00e4ndnis interpretiert, dass das Foto z.B. auf der Website oder in Erinnerungs-Fotoalben verwendet werden darf.<\/li>\n\n\n\n<li>Der musikalischen Leitung erm\u00f6glichen wir, dass sie ihr CV mit Foto auf unserer Website ver\u00f6ffentlicht.<\/li>\n\n\n\n<li>Der Chor kann keine Verantwortung \u00fcbernehmen, wenn Dritte von ihm Ton-, Bild- und Filmaufnahmen machen und gesetzeswidrig verwenden. Dies betrifft insbesondere das Recht am eigenen Bild der S\u00e4nger, Dirigenten, Pianisten.<\/li>\n\n\n\n<li>Der Chor besitzt im Allgemeinen nur die notwendigen Rechte, um ein Lied auf der B\u00fchne zu singen, nicht jedoch die Rechte um davon Film- und Ton-Aufnahmen herzustellen, die nachher \u00f6ffentlich zur Verf\u00fcgung gestellt werden. In diesem Zusammenhang ist es gut zu wissen, dass in der Schweiz die Herstellung von Aufnahmen zum privaten Gebrauch legal sind, im Ausland jedoch nicht unbedingt.<\/li>\n<\/ul>\n\n\n\n<h3 class=\"wp-block-heading\">4.&nbsp;&nbsp;&nbsp; Rechte von betroffenen Personen<\/h3>\n\n\n\n<p>Wir gew\u00e4hren den Personen deren Daten wir bearbeiten, d.h. sammeln, s\u00e4mtliche Anspr\u00fcche gem\u00e4ss dem anwendbaren Datenschutzrecht. Betroffene Personen verf\u00fcgen insbesondere \u00fcber folgende Rechte:<\/p>\n\n\n\n<p><strong>Auskunftsrecht:<\/strong> Betroffene Personen k\u00f6nnen Auskunft verlangen, ob wir Personendaten \u00fcber sie bearbeiten, und falls ja, um welche Personendaten es sich handelt. Betroffene Personen erhalten ferner jene Informationen, die erforderlich sind, um ihre datenschutzrechtlichen Anspr\u00fcche geltend zu machen und Transparenz zu gew\u00e4hrleisten. Dazu z\u00e4hlen die bearbeiteten Personendaten als solche, aber unter anderem auch Angaben zum Bearbeitungszweck, zur Dauer der Aufbewahrung, zu einer allf\u00e4lligen Bekanntgabe bzw. einem allf\u00e4lligen Export von Daten in andere Staaten und zur Herkunft der Personendaten.<\/p>\n\n\n\n<p><strong>Berichtigung und Einschr\u00e4nkung:<\/strong>&nbsp;Betroffene Personen k\u00f6nnen unrichtige Personendaten berichtigen, unvollst\u00e4ndige Daten vervollst\u00e4ndigen und die Bearbeitung ihrer Daten einschr\u00e4nken lassen.<\/p>\n\n\n\n<p><strong>L\u00f6schung und Widerspruch:<\/strong> Betroffene Personen k\u00f6nnen Personendaten l\u00f6schen lassen (\u00abRecht auf Vergessen\u00bb) und der Bearbeitung ihrer Daten mit Wirkung f\u00fcr die Zukunft widersprechen.<\/p>\n\n\n\n<h3 class=\"wp-block-heading\">5.&nbsp;&nbsp;&nbsp; Datensicherheit<\/h3>\n\n\n\n<p>Wir treffen geeignete technische und organisatorische Massnahmen, um eine dem jeweiligen Risiko angemessene Datensicherheit zu gew\u00e4hrleisten. Wir k\u00f6nnen aber leider keine absolute Datensicherheit gew\u00e4hrleisten.<\/p>\n\n\n\n<p>Der Zugriff auf unsere Website erfolgt mittels Transportverschl\u00fcsselung (SSL \/ TLS, insbesondere mit dem Hypertext Transfer Protocol Secure, abgek\u00fcrzt HTTPS). Die meisten Browser kennzeichnen Transportverschl\u00fcsselung mit einem Vorh\u00e4ngeschloss in der Adressleiste.<\/p>\n\n\n\n<p>Unsere digitale Kommunikation unterliegt \u2013 wie&nbsp;<em>grunds\u00e4tzlich<\/em>&nbsp;jede digitale Kommunikation \u2013 der anlasslosen und verdachtsunabh\u00e4ngigen Massen\u00fcberwachung sowie sonstiger \u00dcberwachung durch Sicherheitsbeh\u00f6rden in der Schweiz, im \u00fcbrigen Europa, in den Vereinigten Staaten von Amerika (USA) und in anderen Staaten. Wir k\u00f6nnen keinen direkten Einfluss auf die entsprechende Bearbeitung von Personendaten durch Geheimdienste, Polizeistellen und andere Sicherheitsbeh\u00f6rden nehmen<\/p>\n\n\n\n<h3 class=\"wp-block-heading\">6.&nbsp;&nbsp;&nbsp; Cookies<\/h3>\n\n\n\n<p>Sie k\u00f6nnen Ihren Browser so einstellen, dass Sie \u00fcber das Setzen von Cookies informiert werden und Cookies nur im Einzelfall erlauben, sowie das automatische L\u00f6schen der Cookies beim Schliessen des Browsers aktivieren. Bei der Deaktivierung von Cookies kann die Funktionalit\u00e4t einer Website eingeschr\u00e4nkt sein.<\/p>\n\n\n\n<p>Bei Cookies handelt es sich um Daten, die im Browser gespeichert werden. Solche gespeicherten Daten m\u00fcssen nicht auf traditionelle Cookies in Textform beschr\u00e4nkt sein. Wir verwenden zwei eigene Cookies (First-Party-Cookies) um die Website in verschiedenen Sprachen anzeigen zu k\u00f6nnen. Da wir keine IT-Cracks sind k\u00f6nnen wir nicht ausschliessen, dass die bei der Erstellung der Website verwendeten Tools nicht noch Cookies von Dritten, deren Dienste wir verwenden (Third-Party-Cookies) eingebaut haben.<\/p>\n\n\n\n<p>Cookies k\u00f6nnen im Browser tempor\u00e4r als &#8220;Session Cookies&#8221; oder f\u00fcr einen bestimmten Zeitraum als sogenannte &#8220;permanente Cookies&#8221; gespeichert werden. Session Cookies werden automatisch gel\u00f6scht, wenn der Browser geschlossen wird. Permanente Cookies haben eine bestimmte Speicherdauer. Cookies erm\u00f6glichen insbesondere, einen Browser beim n\u00e4chsten Besuch unserer Website wiederzuerkennen und dadurch beispielsweise die gew\u00fcnschte Anzeigesprache automatisch zu w\u00e4hlen. Permanente Cookies k\u00f6nnen aber beispielsweise auch f\u00fcr Online-Marketing verwendet werden<\/p>\n\n\n\n<p>Bei Cookies, die f\u00fcr die Erfolgs- und Reichweitenmessung oder f\u00fcr Werbung verwendet werden, ist f\u00fcr zahlreiche Dienste ein allgemeiner Widerspruch (\u00abOpt-out\u00bb) \u00fcber die&nbsp;<a href=\"https:\/\/youradchoices.ca\/\" target=\"_blank\" rel=\"noreferrer noopener\">AdChoices<\/a>&nbsp;(Digital Advertising Alliance of Canada), die&nbsp;<a href=\"https:\/\/optout.networkadvertising.org\/\" target=\"_blank\" rel=\"noreferrer noopener\">Network Advertising Initiative<\/a>&nbsp;(NAI),&nbsp;<a href=\"https:\/\/optout.aboutads.info\/\" target=\"_blank\" rel=\"noreferrer noopener\">YourAdChoices<\/a>&nbsp;(Digital Advertising Alliance) oder&nbsp;<a href=\"https:\/\/www.youronlinechoices.com\/ch-de\/praferenzmanagement\" target=\"_blank\" rel=\"noreferrer noopener\">Your Online Choices<\/a>&nbsp;(European Interactive Digital Advertising Alliance, EDAA) m\u00f6glich.<\/p>\n\n\n\n<h3 class=\"wp-block-heading\">7.&nbsp;&nbsp;&nbsp; Server-Log-Files<\/h3>\n\n\n\n<p>An den folgenden Daten haben wir kein Nutzungsinteresse, doch sie werden teilweise f\u00fcr jeden Zugriff auf unsere Website ben\u00f6tigt, damit die Website auf dem Bildschirm des Benutzers \u00fcberhaupt richtig dargestellt werden kann. Deshalb werden solche Daten automatisch erfasst, sofern diese von Ihrem Browser an unsere Server-Infrastruktur \u00fcbermittelt werden oder von unserem Webserver ermittelt werden k\u00f6nnen:<\/p>\n\n\n\n<p>\u00b7&nbsp;&nbsp;&nbsp;&nbsp;&nbsp;&nbsp; Datum und Zeit einschliesslich Zeitzone der Serveranfrage,<\/p>\n\n\n\n<p>\u00b7&nbsp;&nbsp;&nbsp;&nbsp;&nbsp;&nbsp; Internet Protocol (IP)-Adresse,<\/p>\n\n\n\n<p>\u00b7&nbsp;&nbsp;&nbsp;&nbsp;&nbsp;&nbsp; Zugriffsstatus (HTTP-Statuscode),<\/p>\n\n\n\n<p>\u00b7&nbsp;&nbsp;&nbsp;&nbsp;&nbsp;&nbsp; Verwendetes Betriebssystem einschliesslich Benutzeroberfl\u00e4che und Version,<\/p>\n\n\n\n<p>\u00b7&nbsp;&nbsp;&nbsp;&nbsp;&nbsp;&nbsp; Browsertyp, -Sprache und -Version,<\/p>\n\n\n\n<p>\u00b7&nbsp;&nbsp;&nbsp;&nbsp;&nbsp;&nbsp; aufgerufene einzelne Unter-Seite unserer Website einschliesslich \u00fcbertragener Datenmenge,<\/p>\n\n\n\n<p>\u00b7&nbsp;&nbsp;&nbsp;&nbsp;&nbsp;&nbsp; zuletzt im gleichen Browser-Fenster aufgerufene Webseite (Referrer-URL).<\/p>\n\n\n\n<p>Solche Angaben, die auch Personendaten darstellen k\u00f6nnen, werden in Server-Logdateien gespeichert. Diese Daten sind nicht bestimmten Personen zuordenbar. Eine Zusammenf\u00fchrung dieser Daten mit anderen Datenquellen wird von uns nicht vorgenommen. Wir behalten uns vor, allf\u00e4llig gespeicherte Daten nachtr\u00e4glich zu pr\u00fcfen, wenn uns konkrete Anhaltspunkte f\u00fcr eine rechtswidrige Nutzung bekannt werden.<\/p>\n\n\n\n<h3 class=\"wp-block-heading\">8.&nbsp;&nbsp;&nbsp; Benachrichtigungen und Mitteilungen<\/h3>\n\n\n\n<p>Wir versenden Benachrichtigungen und Mitteilungen per E-Mail und \u00fcber andere Kommunikationskan\u00e4le wie beispielsweise WhatsApp oder SMS.<\/p>\n\n\n\n<p>Durch die Angabe Ihrer E-Mail-Adresse und Ihrer sonstigen Kontaktadressen im Anmeldeformular zur Vereinsmitgliedschaft willigen sie ein, diese Daten zu oben genannten Zwecken zu verwenden.<\/p>\n\n\n\n<p>Sie k\u00f6nnen&nbsp;<em>grunds\u00e4tzlich<\/em>&nbsp;dem Erhalt von Benachrichtigungen und Mitteilungen jederzeit widersprechen. Vorbehalten bleiben erforderliche Benachrichtigungen und Mitteilungen im Zusammenhang mit unseren Aktivit\u00e4ten und T\u00e4tigkeiten.<\/p>\n\n\n\n<h3 class=\"wp-block-heading\">9.&nbsp;&nbsp;&nbsp; Social Media<\/h3>\n\n\n\n<p>Wir sind auf Social Media-Plattformen und anderen Online-Plattformen pr\u00e4sent, um mit interessierten Personen kommunizieren sowie \u00fcber unsere Aktivit\u00e4ten und T\u00e4tigkeiten informieren zu k\u00f6nnen. Im Zusammenhang mit solchen Plattformen k\u00f6nnen Personendaten auch ausserhalb der Schweiz bearbeitet werden.<\/p>\n\n\n\n<p>Es gelten jeweils auch die Allgemeinen Gesch\u00e4ftsbedingungen (AGB) und Nutzungsbedingungen sowie Datenschutzerkl\u00e4rungen und sonstigen Bestimmungen der einzelnen Betreiber solcher Plattformen. Diese Bestimmungen informieren insbesondere \u00fcber die Rechte von betroffenen Personen direkt gegen\u00fcber der jeweiligen Plattform, wozu beispielsweise das Recht auf Auskunft z\u00e4hlt.<\/p>\n\n\n\n<p>&nbsp;<\/p>\n\n\n\n<h3 class=\"wp-block-heading\">10. Dienste von Dritten<\/h3>\n\n\n\n<p>Wir nutzen Dienste von spezialisierten Dritten, um unsere Aktivit\u00e4ten und T\u00e4tigkeiten aus\u00fcben zu k\u00f6nnen. Mit solchen Diensten k\u00f6nnen wir unter anderem Funktionen und Inhalte in unsere Website einbetten. Bei einer solchen Einbettung erfassen die genutzten Dienste aus technisch zwingenden Gr\u00fcnden mindestens zeitweilig die Internet Protocol&nbsp;(IP)-Adressen der Nutzerinnen und Nutzer.<\/p>\n\n\n\n<p>F\u00fcr erforderliche sicherheitsrelevante, statistische und technische Zwecke k\u00f6nnen Dritte, deren Dienste wir nutzen, Daten im Zusammenhang mit unseren Aktivit\u00e4ten und T\u00e4tigkeiten aggregiert, anonymisiert oder pseudonymisiert bearbeiten. Es handelt sich beispielsweise um Leistungs- oder Nutzungsdaten, um den jeweiligen Dienst anbieten zu k\u00f6nnen.<\/p>\n\n\n\n<h4 class=\"wp-block-heading\">a.&nbsp;&nbsp;&nbsp; Digitale Infrastruktur<\/h4>\n\n\n\n<p>Wir nutzen Dienste von spezialisierten Dritten, um ben\u00f6tigte digitale Infrastruktur im Zusammenhang mit unseren Aktivit\u00e4ten und T\u00e4tigkeiten in Anspruch nehmen zu k\u00f6nnen. Dazu z\u00e4hlen beispielsweise Hosting- und Speicherdienste von ausgew\u00e4hlten Anbietern.<\/p>\n\n\n\n<p>Wir nutzen insbesondere:<\/p>\n\n\n\n<ul>\n<li><a href=\"https:\/\/www.metanet.ch\/de\">MetaNet<\/a> (Hosting)<\/li>\n\n\n\n<li><a href=\"https:\/\/de.wordpress.org\/\">WordPress<\/a> (Open-Source-Publishing-Plattform)<\/li>\n\n\n\n<li><a href=\"https:\/\/help.dropbox.com\/\">DropBox<\/a> (Noten und mp3-Files unserer Lieder f\u00fcr unsere Mitglieder)<\/li>\n<\/ul>\n\n\n\n<h4 class=\"wp-block-heading\">b.&nbsp;&nbsp;&nbsp; Audio- und Video-Konferenzen<\/h4>\n\n\n\n<p>Wir nutzen spezialisierte Dienste f\u00fcr Audio- und Video-Konferenzen, um online kommunizieren zu k\u00f6nnen. Wir k\u00f6nnen damit beispielsweise virtuelle Besprechungen abhalten oder Online-Unterricht durchf\u00fchren. F\u00fcr die Teilnahme an Audio- und Video-Konferenzen gelten erg\u00e4nzend die Rechtstexte der einzelnen Dienste wie Datenschutzerkl\u00e4rungen und Nutzungsbedingungen.<\/p>\n\n\n\n<p>Wir empfehlen, je nach Lebenssituation bei der Teilnahme an Audio- oder Video-Konferenzen das Mikrofon standardm\u00e4ssig stumm zu schalten sowie den Hintergrund unscharf zu stellen oder einen virtuellen Hintergrund einblenden zu lassen.<\/p>\n\n\n\n<p>Wir nutzen insbesondere:<\/p>\n\n\n\n<ul>\n<li><a href=\"https:\/\/zoom.us\/\">Zoom:<\/a>&nbsp;Video-Konferenzen; Anbieterin: Zoom Video Communications Inc. (USA); Angaben zum Datenschutz:&nbsp;<a href=\"https:\/\/zoom.us\/de-de\/privacy.html\">Datenschutzerkl\u00e4rung<\/a>,&nbsp;<a href=\"https:\/\/zoom.us\/de-de\/trust\/privacy.html\">\u00abDatenschutz bei Zoom\u00bb<\/a>,&nbsp;<a href=\"https:\/\/zoom.us\/de-de\/trust\/legal-compliance.html\">\u00abRechtskonformit\u00e4ts-Center\u00bb<\/a>.<\/li>\n<\/ul>\n\n\n\n<h3 class=\"wp-block-heading\">11. Schlussbestimmungen<\/h3>\n\n\n\n<p>Wir k\u00f6nnen diese Datenschutzerkl\u00e4rung jederzeit anpassen und erg\u00e4nzen. Wir werden \u00fcber solche Anpassungen und Erg\u00e4nzungen in geeigneter Form informieren, insbesondere durch Ver\u00f6ffentlichung der jeweils aktuellen Datenschutzerkl\u00e4rung auf unserer Website.<\/p>\n\n\n\n<h3 class=\"wp-block-heading\">&nbsp;<\/h3>\n","protected":false},"excerpt":{"rendered":"<p>Mit dieser&nbsp;Datenschutzerkl\u00e4rung&nbsp;informieren wir, welche Personendaten wir im Zusammenhang mit unseren&nbsp;Aktivit\u00e4ten und T\u00e4tigkeiten&nbsp;einschliesslich unserer Website https:\/\/chiao-ai.ch\/ bearbeiten. Sie erl\u00e4utert, welche Daten wir erheben und f\u00fcr welchen Zweck wir sie nutzen. Kontakt Vereinspr\u00e4sidentin: Hsu Schmitz, Shu-FangE-Mail: chiao-ai.chor@gmx.ch In den nachfolgenden Hinweisen m\u00f6chten wir als Verantwortliche im Sinne des Datenschutz\u00adrechts Ihnen einen \u00dcberblick \u00fcber die Nutzung Ihrer personenbezogenen [&hellip;]<\/p>\n","protected":false},"author":1,"featured_media":0,"parent":0,"menu_order":0,"comment_status":"closed","ping_status":"closed","template":"","meta":{"footnotes":""},"translation":{"provider":"WPGlobus","version":"2.10.7","language":"tw","enabled_languages":["de","tw"],"languages":{"de":{"title":true,"content":true,"excerpt":false},"tw":{"title":false,"content":false,"excerpt":false}}},"_links":{"self":[{"href":"https:\/\/chiao-ai.ch\/tw\/wp-json\/wp\/v2\/pages\/1027"}],"collection":[{"href":"https:\/\/chiao-ai.ch\/tw\/wp-json\/wp\/v2\/pages"}],"about":[{"href":"https:\/\/chiao-ai.ch\/tw\/wp-json\/wp\/v2\/types\/page"}],"author":[{"embeddable":true,"href":"https:\/\/chiao-ai.ch\/tw\/wp-json\/wp\/v2\/users\/1"}],"replies":[{"embeddable":true,"href":"https:\/\/chiao-ai.ch\/tw\/wp-json\/wp\/v2\/comments?post=1027"}],"version-history":[{"count":2,"href":"https:\/\/chiao-ai.ch\/tw\/wp-json\/wp\/v2\/pages\/1027\/revisions"}],"predecessor-version":[{"id":1030,"href":"https:\/\/chiao-ai.ch\/tw\/wp-json\/wp\/v2\/pages\/1027\/revisions\/1030"}],"wp:attachment":[{"href":"https:\/\/chiao-ai.ch\/tw\/wp-json\/wp\/v2\/media?parent=1027"}],"curies":[{"name":"wp","href":"https:\/\/api.w.org\/{rel}","templated":true}]}}